{"id":294,"date":"2014-02-13T19:53:16","date_gmt":"2014-02-13T18:53:16","guid":{"rendered":"http:\/\/www.colegiosantisimo.es\/?page_id=294"},"modified":"2025-05-14T14:27:05","modified_gmt":"2025-05-14T12:27:05","slug":"quienes-somos","status":"publish","type":"page","link":"https:\/\/www.colegiosantisimo.es\/?page_id=294","title":{"rendered":"Quienes somos"},"content":{"rendered":"<p><span style=\"font-family: arial, helvetica, sans-serif;\">El colegio Sant\u00edsimo Cristo de la Fe de Alc\u00e0sser, hoy colegio Diocesano, lleva m\u00e1s de 100 a\u00f1os de existencia al servicio del pueblo de Alc\u00e0sser, naci\u00f3 de la necesidad de escuelas en el pueblo y con el compromiso de la iglesia de dar educaci\u00f3n a sus feligreses. <\/span><\/p>\n<p>Durante largo tiempo fue dirigido por las Hermanas Mantellate Siervas de Mar\u00eda, hoy la direcci\u00f3n es seglar y con la titularidad que es nuestro p\u00e1rroco y con un claustro muy comprometido con su labor, llevamos con gran ilusi\u00f3n este Colegio adelante.<\/p>\n<div><\/div>\n<p style=\"text-align: center;\"><iframe src=\"\/\/www.youtube.com\/embed\/JW0js_T4ReI\" width=\"420\" height=\"315\" frameborder=\"0\" allowfullscreen=\"allowfullscreen\"><\/iframe><\/p>\n<h1><\/h1>\n<p><span style=\"font-weight: 400;\">Los Colegios Diocesanos de Valencia somos centros de Educaci\u00f3n Cat\u00f3lica cuya titularidad la ostenta el Arzobispado directamente a trav\u00e9s de las Parroquias, o bien somos fundaciones civiles o can\u00f3nicas cuya voluntad ha sido que se encomiende su direcci\u00f3n a la Iglesia Diocesana.<\/span><\/p>\n<p>&nbsp;<\/p>\n<h1 style=\"font-family: Helvetica, Arial, sans-serif; font-size: 16px; font-weight: bold; color: #666666; text-align: left;\"><strong>NUESTRA OFERTA EDUCATIVA<\/strong><\/h1>\n<p style=\"font-family: Arial, Helvetica, sans-serif; font-size: 14px; font-weight: normal; color: #333333;\">\u00b7 Centro concertado (sostenido con fondos p\u00fablicos)<\/p>\n<p style=\"font-family: Arial, Helvetica, sans-serif; font-size: 14px; font-weight: normal; color: #333333;\">\u00b7 L\u00ednea PIP y PPLC<\/p>\n<p style=\"font-family: Arial, Helvetica, sans-serif; font-size: 14px; font-weight: normal; color: #333333;\">\u00b7 Escolarizaci\u00f3n Ed. infantil Ed. Primaria y Ed. Secundaria<\/p>\n<p style=\"text-align: center; color: #000000; font-family: verdana, geneva;\"><a href=\"https:\/\/www.colegiosantisimo.es\/wp-content\/uploads\/2022\/05\/2021-graduacion-4ESO.jpg\"><img fetchpriority=\"high\" decoding=\"async\" class=\"aligncenter wp-image-3434 size-large\" src=\"https:\/\/www.colegiosantisimo.es\/wp-content\/uploads\/2022\/05\/2021-graduacion-4ESO-1024x514.jpg\" alt=\"\" width=\"640\" height=\"321\" srcset=\"https:\/\/www.colegiosantisimo.es\/wp-content\/uploads\/2022\/05\/2021-graduacion-4ESO-1024x514.jpg 1024w, https:\/\/www.colegiosantisimo.es\/wp-content\/uploads\/2022\/05\/2021-graduacion-4ESO-300x151.jpg 300w, https:\/\/www.colegiosantisimo.es\/wp-content\/uploads\/2022\/05\/2021-graduacion-4ESO-768x386.jpg 768w, https:\/\/www.colegiosantisimo.es\/wp-content\/uploads\/2022\/05\/2021-graduacion-4ESO.jpg 1314w\" sizes=\"(max-width: 640px) 100vw, 640px\" \/><\/a><\/p>\n<h1 style=\"font-family: Helvetica, Arial, sans-serif; font-size: 16px; font-weight: bold; color: #666666; line-height: normal; border-spacing: 2px;\">Unidades autorizadas por niveles y puestos escolares<\/h1>\n<h2 style=\"font-family: Arial, Helvetica, sans-serif; font-size: 14px; font-weight: normal; color: #333333; line-height: normal; border-spacing: 2px;\">\u00b7 Educaci\u00f3n Infantil 1\u00ba ciclo (0, 1 y 2 a\u00f1os) 3 unidades. Subvencionado parcialmente \u00a0por la Conselleria de Educaci\u00f3n, Cultura y Deporte de la Generalitat Valenciana<\/h2>\n<h2 style=\"font-family: Arial, Helvetica, sans-serif; font-size: 14px; font-weight: normal; color: #333333; line-height: normal; border-spacing: 2px;\">\u00b7 Educaci\u00f3n Infantil 2\u00ba ciclo (3 a 5 a\u00f1os) 3 unidades<\/h2>\n<h2 style=\"font-family: Arial, Helvetica, sans-serif; font-size: 14px; font-weight: normal; color: #333333; line-height: normal; border-spacing: 2px;\">\u00b7 Educaci\u00f3n Primaria (1\u00ba a 6\u00ba) 6 unidades<\/h2>\n<h2 style=\"font-family: Arial, Helvetica, sans-serif; font-size: 14px; font-weight: normal; color: #333333; line-height: normal; border-spacing: 2px;\">\u00b7 Educaci\u00f3n Secundaria Obligatoria (1\u00ba a 4\u00ba) 4 unidades<\/h2>\n<h2 style=\"font-family: Arial, Helvetica, sans-serif; font-size: 14px; font-weight: normal; color: #333333; line-height: normal; border-spacing: 2px;\">\u00b7 Educaci\u00f3n Especial (apoyo a la integraci\u00f3n)<\/h2>\n<h1><\/h1>\n<h1 style=\"font-family: Helvetica, Arial, sans-serif; font-size: 16px; font-weight: bold; color: #666666; line-height: normal; border-spacing: 2px;\"><strong>Ed. Primaria e Infantil:<\/strong><\/h1>\n<h2 style=\"font-family: Arial, Helvetica, sans-serif; font-size: 14px; font-weight: normal; color: #333333; line-height: normal; border-spacing: 2px;\">\u00b7 Maestros Especialistas en Ed.Infantil<\/h2>\n<h2 style=\"font-family: Arial, Helvetica, sans-serif; font-size: 14px; font-weight: normal; color: #333333; line-height: normal; border-spacing: 2px;\">\u00b7 Maestros Generalistas<\/h2>\n<h2 style=\"font-family: Arial, Helvetica, sans-serif; font-size: 14px; font-weight: normal; color: #333333; line-height: normal; border-spacing: 2px;\">\u00b7 Maestros con las especialidades de :<\/h2>\n<h2 style=\"font-family: Arial, Helvetica, sans-serif; font-size: 14px; font-weight: normal; color: #333333; line-height: normal; border-spacing: 2px;\">\u00b7 Ingl\u00e9s, M\u00fasica, Ed.F\u00edsica, Valenciano,<\/h2>\n<h2 style=\"font-family: Arial, Helvetica, sans-serif; font-size: 14px; font-weight: normal; color: #333333; line-height: normal; border-spacing: 2px;\">\u00b7 Audici\u00f3n y Lenguaje<\/h2>\n<h2 style=\"font-family: Arial, Helvetica, sans-serif; font-size: 14px; font-weight: normal; color: #333333; line-height: normal; border-spacing: 2px;\">\u00b7 Apoyos individualizados a ni\u00f1os con dificultades<\/h2>\n<h3 style=\"font-weight: bold; font-family: Helvetica, Arial, sans-serif; font-size: 13px; color: #135cae; line-height: normal; border-spacing: 2px;\"><\/h3>\n<div style=\"text-align: center;\"><\/div>\n<h1 style=\"font-family: Helvetica, Arial, sans-serif; font-size: 16px; font-weight: bold; color: #666666; line-height: normal; border-spacing: 2px;\">Ed. Secundaria Obligatoria<\/h1>\n<h2 style=\"font-family: Arial, Helvetica, sans-serif; font-size: 14px; font-weight: normal; color: #333333; line-height: normal; border-spacing: 2px;\">\u00b7 Con muchos a\u00f1os de implantaci\u00f3n en Alc\u00e0sser<\/h2>\n<h2 style=\"font-family: Arial, Helvetica, sans-serif; font-size: 14px; font-weight: normal; color: #333333; line-height: normal; border-spacing: 2px;\">\u00b7 Con un profesorado que cuenta con todas las titulaciones y especialidades para impartir las asignaturas del curr\u00edculo.<\/h2>\n<h2 style=\"font-family: Arial, Helvetica, sans-serif; font-size: 14px; font-weight: normal; color: #333333; line-height: normal; border-spacing: 2px;\">\u00b7 Con apoyo individualizado en todas las asignaturas<\/h2>\n<h2 style=\"font-family: Arial, Helvetica, sans-serif; font-size: 14px; font-weight: normal; color: #333333; line-height: normal; border-spacing: 2px;\">\u00b7 Con orientaci\u00f3n y tutor\u00eda individualizada<\/h2>\n<h2 style=\"font-family: Arial, Helvetica, sans-serif; font-size: 14px; font-weight: normal; color: #333333; line-height: normal; border-spacing: 2px;\">\u00b7 Tutor\u00eda personalizada para padres<\/h2>\n<h2 style=\"font-family: Arial, Helvetica, sans-serif; font-size: 14px; font-weight: normal; color: #333333; line-height: normal; border-spacing: 2px;\">\u00b7 Optima preparaci\u00f3n para bachiller<\/h2>\n<h1><a href=\"https:\/\/www.colegiosantisimo.es\/wp-content\/uploads\/2022\/05\/2022-imgen-patio.jpg\"><img decoding=\"async\" class=\"wp-image-3432 aligncenter\" src=\"https:\/\/www.colegiosantisimo.es\/wp-content\/uploads\/2022\/05\/2022-imgen-patio-300x177.jpg\" alt=\"\" width=\"639\" height=\"377\" srcset=\"https:\/\/www.colegiosantisimo.es\/wp-content\/uploads\/2022\/05\/2022-imgen-patio-300x177.jpg 300w, https:\/\/www.colegiosantisimo.es\/wp-content\/uploads\/2022\/05\/2022-imgen-patio-1024x605.jpg 1024w, https:\/\/www.colegiosantisimo.es\/wp-content\/uploads\/2022\/05\/2022-imgen-patio-768x454.jpg 768w, https:\/\/www.colegiosantisimo.es\/wp-content\/uploads\/2022\/05\/2022-imgen-patio.jpg 1416w\" sizes=\"(max-width: 639px) 100vw, 639px\" \/><\/a><\/h1>\n<h1 style=\"font-family: Helvetica, Arial, sans-serif; font-size: 16px; font-weight: bold; color: #666666; line-height: normal; border-spacing: 2px;\">NUESTRO COLEGIO POSEE MEDIOS HUMANOS PROFESIONALES Y MATERIAL PEDAG\u00d3GICO APROPIADOS PARA UNA FORMACI\u00d3N INTEGRAL Y CON PREOCUPACI\u00d3N POR,<\/h1>\n<h2 style=\"font-family: Arial, Helvetica, sans-serif; font-size: 14px; font-weight: normal; color: #333333; line-height: normal; border-spacing: 2px;\">\u00b7 Integrar la personalidad del alumno como ser singular e irrepetible, dedic\u00e1ndole una atenci\u00f3n individualizada.<\/h2>\n<h2 style=\"font-family: Arial, Helvetica, sans-serif; font-size: 14px; font-weight: normal; color: #333333; line-height: normal; border-spacing: 2px;\">\u00b7 Orientar profesionalmente y de forma personalizada<\/h2>\n<h2 style=\"font-family: Arial, Helvetica, sans-serif; font-size: 14px; font-weight: normal; color: #333333; line-height: normal; border-spacing: 2px;\">\u00b7 Dar una orientaci\u00f3n familiar : integraci\u00f3n de los padres en el colegio para la educaci\u00f3n de sus hijos<\/h2>\n<h2 style=\"font-family: Arial, Helvetica, sans-serif; font-size: 14px; font-weight: normal; color: #333333; line-height: normal; border-spacing: 2px;\">\u00b7 Dar una educaci\u00f3n en valores<\/h2>\n<h2 style=\"font-family: Arial, Helvetica, sans-serif; font-size: 14px; font-weight: normal; color: #333333; line-height: normal; border-spacing: 2px;\">\u00b7 Desarrollar el pensamiento cr\u00edtico y la creatividad<\/h2>\n<h2 style=\"font-family: Arial, Helvetica, sans-serif; font-size: 14px; font-weight: normal; color: #333333; line-height: normal; border-spacing: 2px;\">\u00b7 Ense\u00f1ar a aprender<\/h2>\n<h2 style=\"font-family: Arial, Helvetica, sans-serif; font-size: 14px; font-weight: normal; color: #333333; line-height: normal; border-spacing: 2px;\">\u00b7 Un proyecto educativo, fruto de muchos a\u00f1os de experiencia que mira hacia el futuro y se prepara para el mismo.<\/h2>\n<h2 style=\"font-family: Arial, Helvetica, sans-serif; font-size: 14px; font-weight: normal; color: #333333; line-height: normal; border-spacing: 2px;\">\u00b7 Nuestro objetivo es que cada alumno sea feliz y rinda al m\u00e1ximo de sus posibilidades<\/h2>\n<h2 style=\"font-family: Arial, Helvetica, sans-serif; font-size: 14px; font-weight: normal; color: #333333; line-height: normal; border-spacing: 2px;\">\u00b7 El presente y el futuro de sus hijos necesita un apoyo que nosotros le podemos dar, usted como padre, tambi\u00e9n.<\/h2>\n<p>&nbsp;<\/p>\n<p>&nbsp;<\/p>\n<p><strong>ES UN CENTRO CAT\u00d3LICO DONDE:<\/strong><\/p>\n<h2 style=\"font-family: Arial, Helvetica, sans-serif; font-size: 14px; font-weight: normal; color: #333333;\">\u00b7 Se promueve la formaci\u00f3n integral del alumno desde una formaci\u00f3n cristiana del hombre, la vida y el mundo.<\/h2>\n<h2 style=\"font-family: Arial, Helvetica, sans-serif; font-size: 14px; font-weight: normal; color: #333333;\">\u00b7 Se crea un ambiente que favorece la vivencia y el testimonio de los valores evang\u00e9licos .<\/h2>\n<h2 style=\"font-family: Arial, Helvetica, sans-serif; font-size: 14px; font-weight: normal; color: #333333;\">\u00b7Se imparte la ense\u00f1anza religiosa escolar, seg\u00fan las orientaciones del Magisterio de la Iglesia<\/h2>\n<div style=\"text-align: center; font-family: Verdana, Arial, Helvetica, sans-serif; line-height: normal; font-size: 10px; border-spacing: 2px; color: #000000;\"><a href=\"https:\/\/www.colegiosantisimo.es\/wp-content\/uploads\/2020\/02\/2020-inicio-curso.jpg\"><img decoding=\"async\" class=\"alignnone wp-image-2818\" src=\"https:\/\/www.colegiosantisimo.es\/wp-content\/uploads\/2020\/02\/2020-inicio-curso-1024x502.jpg\" alt=\"\" width=\"592\" height=\"290\" srcset=\"https:\/\/www.colegiosantisimo.es\/wp-content\/uploads\/2020\/02\/2020-inicio-curso-1024x502.jpg 1024w, https:\/\/www.colegiosantisimo.es\/wp-content\/uploads\/2020\/02\/2020-inicio-curso-300x147.jpg 300w, https:\/\/www.colegiosantisimo.es\/wp-content\/uploads\/2020\/02\/2020-inicio-curso-768x377.jpg 768w, https:\/\/www.colegiosantisimo.es\/wp-content\/uploads\/2020\/02\/2020-inicio-curso.jpg 1026w\" sizes=\"(max-width: 592px) 100vw, 592px\" \/><\/a><\/div>\n<p>&nbsp;<\/p>\n<h1 style=\"text-align: center;\"><strong>\u00a0ORGANIGRAMA DEL COLEGIO:<\/strong><\/h1>\n<p>&nbsp;<\/p>\n<table style=\"height: 624px;\" border=\"0\" width=\"622\" cellspacing=\"0\" cellpadding=\"2\">\n<colgroup>\n<col width=\"268\" \/>\n<col width=\"305\" \/> <\/colgroup>\n<tbody>\n<tr>\n<td style=\"text-align: center;\" colspan=\"2\" valign=\"TOP\" bgcolor=\"#f2f2f2\" width=\"577\"><strong>Equipo directivo<\/strong><\/td>\n<\/tr>\n<tr valign=\"TOP\">\n<td bgcolor=\"#f2f2f2\" width=\"268\">Representante del titular<\/td>\n<td bgcolor=\"#f2f2f2\" width=\"305\">Don Juan Antol\u00ed Franc\u00e9s<\/td>\n<\/tr>\n<tr valign=\"TOP\">\n<td bgcolor=\"#cccccc\" width=\"268\">Director Pedag\u00f3gico<\/td>\n<td bgcolor=\"#cccccc\" width=\"305\">Don Ramiro Pastor<\/td>\n<\/tr>\n<tr valign=\"TOP\">\n<td bgcolor=\"#f2f2f2\" width=\"268\">Jefe de estudios<\/td>\n<td bgcolor=\"#f2f2f2\" width=\"305\">Don \u00c1ngel Marcos Blasco<\/td>\n<\/tr>\n<tr valign=\"TOP\">\n<td bgcolor=\"#cccccc\" width=\"268\">Secretaria y Orientadora<\/td>\n<td bgcolor=\"#cccccc\" width=\"305\">Do\u00f1a Amparo Hern\u00e1ndez<\/td>\n<\/tr>\n<tr valign=\"TOP\">\n<td bgcolor=\"#f2f2f2\" width=\"268\">Coordinadora Infantil 1er Ciclo<\/td>\n<td bgcolor=\"#f2f2f2\" width=\"305\">Do\u00f1a Cecilia Segu\u00ed<\/td>\n<\/tr>\n<tr valign=\"TOP\">\n<td bgcolor=\"#cccccc\" width=\"268\">Coordinadora Infantil 2\u00ba Ciclo<\/td>\n<td bgcolor=\"#cccccc\" width=\"305\">Do\u00f1a Asun Simarro<\/td>\n<\/tr>\n<tr valign=\"TOP\">\n<td bgcolor=\"#f2f2f2\" width=\"268\">Coordinador Primaria<\/td>\n<td bgcolor=\"#f2f2f2\" width=\"305\">Don Vicente Tarazona<\/td>\n<\/tr>\n<tr valign=\"TOP\">\n<td bgcolor=\"#cccccc\" width=\"268\">Coordinadora Secundaria<\/td>\n<td bgcolor=\"#cccccc\" width=\"305\">Do\u00f1a Amparo Hern\u00e1ndez<\/td>\n<\/tr>\n<\/tbody>\n<\/table>\n<p>&nbsp;<\/p>\n<table style=\"height: 153px;\" border=\"0\" width=\"622\" cellspacing=\"0\" cellpadding=\"2\">\n<colgroup>\n<col width=\"268\" \/>\n<col width=\"303\" \/> <\/colgroup>\n<tbody>\n<tr>\n<td style=\"text-align: center;\" colspan=\"2\" valign=\"TOP\" bgcolor=\"#f2f2f2\" width=\"575\"><strong>Departamentos<\/strong><\/td>\n<\/tr>\n<tr valign=\"TOP\">\n<td bgcolor=\"#f2f2f2\" width=\"268\">Jefe de departamento (Orientaci\u00f3n)<\/td>\n<td bgcolor=\"#f2f2f2\" width=\"303\">Do\u00f1a Amparo Hern\u00e1ndez<\/td>\n<\/tr>\n<tr valign=\"TOP\">\n<td bgcolor=\"#cccccc\" width=\"268\">Jefe de departamento (Ciencias)<\/td>\n<td bgcolor=\"#cccccc\" width=\"303\">Don H\u00e9ctor Ll\u00e1cer<\/td>\n<\/tr>\n<tr valign=\"TOP\">\n<td bgcolor=\"#f2f2f2\" width=\"268\">Jefe de departamento (Letras)<\/td>\n<td bgcolor=\"#f2f2f2\" width=\"303\">Do\u00f1a Juana Egea Donet<\/td>\n<\/tr>\n<tr valign=\"TOP\">\n<td style=\"text-align: left;\" bgcolor=\"#cccccc\" width=\"268\">Jefe de departamento (Art\u00edstica)<\/td>\n<td bgcolor=\"#cccccc\" width=\"303\">Do\u00f1a Loudes Pozo<\/td>\n<\/tr>\n<\/tbody>\n<\/table>\n<p>&nbsp;<\/p>\n<table style=\"height: 717px;\" width=\"620\" cellspacing=\"0\" cellpadding=\"2\">\n<colgroup>\n<col width=\"133*\" \/>\n<col width=\"123*\" \/> <\/colgroup>\n<tbody>\n<tr>\n<td style=\"text-align: center;\" colspan=\"2\" valign=\"TOP\" bgcolor=\"#f2f2f2\" width=\"100%\"><strong><span style=\"font-family: Helvetica;\"><span style=\"font-size: large;\">Consejo Escolar<\/span><\/span><\/strong><\/td>\n<\/tr>\n<tr valign=\"TOP\">\n<td bgcolor=\"#f2f2f2\" width=\"52%\"><strong><span style=\"font-family: Verdana;\"><span style=\"font-size: small;\">Presidente del Consejo<\/span><\/span><\/strong><\/td>\n<td bgcolor=\"#f2f2f2\" width=\"48%\"><strong><span style=\"font-family: Verdana;\"><span style=\"font-size: small;\">Don Ramiro Pastor<\/span><\/span><\/strong><\/td>\n<\/tr>\n<tr valign=\"TOP\">\n<td bgcolor=\"#f2f2f2\" width=\"52%\" height=\"69\"><strong><span style=\"font-family: Verdana;\"><span style=\"font-size: small;\">Representantes del titular<\/span><\/span><\/strong><\/td>\n<td bgcolor=\"#f2f2f2\" width=\"48%\"><strong><span style=\"font-family: Verdana;\"><span style=\"font-size: small;\">Don Juan Bautista Antol\u00ed<\/span><\/span><\/strong><\/p>\n<p><strong><span style=\"font-family: Verdana;\"><span style=\"font-size: small;\">Don Miguel Geric\u00f3<\/span><\/span><\/strong><\/p>\n<p><strong><span style=\"font-family: Verdana;\"><span style=\"font-size: small;\">Do\u00f1a Pura Hern\u00e1ndez<\/span><\/span><\/strong><\/td>\n<\/tr>\n<tr valign=\"TOP\">\n<td bgcolor=\"#cccccc\" width=\"52%\"><strong><span style=\"font-family: Verdana;\"><span style=\"font-size: small;\">Representantes de los padres<\/span><\/span><\/strong><\/td>\n<td bgcolor=\"#cccccc\" width=\"48%\"><strong><span style=\"font-family: Verdana;\"><span style=\"font-size: small;\">Don Carlos Mart\u00ednez<\/span><\/span><\/strong><\/p>\n<p><strong><span style=\"font-family: Verdana;\"><span style=\"font-size: small;\">Don Miguel Geric\u00f3<\/span><\/span><\/strong><\/p>\n<p><strong><span style=\"font-family: Verdana;\"><span style=\"font-size: small;\">Do\u00f1a Miriam Baldov\u00ed<\/span><\/span><\/strong><\/p>\n<p><strong><span style=\"font-family: Verdana;\"><span style=\"font-size: small;\">Do\u00f1a Laura Heras<\/span><\/span><\/strong><\/td>\n<\/tr>\n<tr valign=\"TOP\">\n<td bgcolor=\"#f2f2f2\" width=\"52%\"><strong><span style=\"font-family: Verdana;\"><span style=\"font-size: small;\">Representantes de los profesores<\/span><\/span><\/strong><\/td>\n<td bgcolor=\"#f2f2f2\" width=\"48%\"><strong><span style=\"font-family: Verdana;\"><span style=\"font-size: small;\">Don Pascual Chanz\u00e1<\/span><\/span><\/strong><\/p>\n<p><strong><span style=\"font-family: Verdana;\"><span style=\"font-size: small;\">Do\u00f1a Araceli Pastor<\/span><\/span><\/strong><\/p>\n<p><strong><span style=\"font-family: Verdana;\"><span style=\"font-size: small;\">Do\u00f1a Inmaculada Boix<\/span><\/span><\/strong><\/p>\n<p><strong><span style=\"font-family: Verdana;\"><span style=\"font-size: small;\">Do\u00f1a Rut Ferrer<\/span><\/span><\/strong><\/td>\n<\/tr>\n<tr valign=\"TOP\">\n<td bgcolor=\"#cccccc\" width=\"52%\"><strong><span style=\"font-family: Verdana;\"><span style=\"font-size: small;\">Representante del personal no docente<\/span><\/span><\/strong><\/td>\n<td bgcolor=\"#cccccc\" width=\"48%\"><strong><span style=\"font-family: Verdana;\"><span style=\"font-size: small;\">Do\u00f1a Amparo Cervera<\/span><\/span><\/strong><\/td>\n<\/tr>\n<tr valign=\"TOP\">\n<td bgcolor=\"#f2f2f2\" width=\"52%\"><strong><span style=\"font-family: Verdana;\"><span style=\"font-size: small;\">Secretaria del consejo<\/span><\/span><\/strong><\/td>\n<td bgcolor=\"#f2f2f2\" width=\"48%\"><strong><span style=\"font-family: Verdana;\"><span style=\"font-size: small;\">Do\u00f1a Amparo Cervera<\/span><\/span><\/strong><\/td>\n<\/tr>\n<\/tbody>\n<\/table>\n<p>&nbsp;<\/p>\n<table style=\"height: 315px;\" border=\"0\" width=\"621\" cellspacing=\"0\" cellpadding=\"2\">\n<colgroup>\n<col width=\"268\" \/>\n<col width=\"303\" \/> <\/colgroup>\n<tbody>\n<tr>\n<td style=\"text-align: center;\" colspan=\"2\" valign=\"TOP\" bgcolor=\"#f2f2f2\" width=\"575\"><strong><span style=\"font-family: Arial,sans-serif;\">Equipo de Pastoral<\/span><\/strong><\/td>\n<\/tr>\n<tr valign=\"TOP\">\n<td bgcolor=\"#f2f2f2\" width=\"268\"><span style=\"font-family: Arial,sans-serif;\">Director espiritual<\/span><\/td>\n<td bgcolor=\"#f2f2f2\" width=\"303\"><span style=\"font-family: Arial,sans-serif;\">Don Juan Antol\u00ed Franc\u00e9s<\/span><\/td>\n<\/tr>\n<tr valign=\"TOP\">\n<td bgcolor=\"#cccccc\" width=\"268\"><span style=\"font-family: Arial,sans-serif;\">Coordinador de pastoral<\/span><\/td>\n<td bgcolor=\"#cccccc\" width=\"303\"><span style=\"font-family: Arial,sans-serif;\">Do\u00f1a Rut Ferrer<\/span><\/td>\n<\/tr>\n<tr valign=\"TOP\">\n<td bgcolor=\"#f2f2f2\" width=\"268\"><span style=\"font-family: Arial,sans-serif;\">Componentes<\/span><\/td>\n<td bgcolor=\"#f2f2f2\" width=\"303\"><span style=\"font-family: Arial,sans-serif;\">Do\u00f1a Gema Choque<\/span><\/p>\n<p><span style=\"font-family: Arial,sans-serif;\">Do\u00f1a M\u00aa Soledad Moreno<\/span><\/p>\n<p><span style=\"font-family: Arial,sans-serif;\">Do\u00f1a Miriam Garc\u00eda<\/span><\/p>\n<p><span style=\"font-family: Arial,sans-serif;\">Do\u00f1a Cecilia Segu\u00ed<\/span><\/p>\n<p><span style=\"font-family: Arial,sans-serif;\">Do\u00f1a Isabel Piles<\/span><\/td>\n<\/tr>\n<\/tbody>\n<\/table>\n<h4><\/h4>\n<table style=\"height: 207px;\" width=\"620\" cellspacing=\"0\" cellpadding=\"2\">\n<tbody>\n<tr>\n<td style=\"text-align: center;\" colspan=\"2\" valign=\"TOP\" bgcolor=\"#f2f2f2\" width=\"100%\"><strong><span style=\"font-family: Helvetica;\"><span style=\"font-size: medium;\">Personal no docente<\/span><\/span><\/strong><\/td>\n<\/tr>\n<tr valign=\"TOP\">\n<td bgcolor=\"#f2f2f2\" width=\"47%\"><strong><span style=\"font-family: Verdana;\"><span style=\"font-size: small;\">Secretar\u00eda<\/span><\/span><\/strong><\/td>\n<td bgcolor=\"#f2f2f2\" width=\"53%\"><strong><span style=\"font-family: Verdana;\"><span style=\"font-size: small;\">Do\u00f1a Amparo Cervera<\/span><\/span><\/strong><\/td>\n<\/tr>\n<tr valign=\"TOP\">\n<td style=\"text-align: left;\" bgcolor=\"#cccccc\" width=\"47%\"><strong><span style=\"font-family: Verdana;\"><span style=\"font-size: small;\">Personal de servicios<\/span><\/span><\/strong><\/td>\n<td bgcolor=\"#cccccc\" width=\"53%\"><strong><span style=\"font-family: Verdana;\"><span style=\"font-size: small;\">Do\u00f1a Pilar Manzanero <\/span><\/span><\/strong><\/p>\n<p><strong><span style=\"font-family: Verdana;\"><span style=\"font-size: small;\">Do\u00f1a Rosa Zaragoz\u00e1<\/span><\/span><\/strong><\/p>\n<p><strong><span style=\"font-family: Verdana;\"><span style=\"font-size: small;\">Do\u00f1a Mar\u00eda Jos\u00e9<\/span><\/span><\/strong><\/td>\n<\/tr>\n<\/tbody>\n<\/table>\n<pre><\/pre>\n<table style=\"height: 182px;\" width=\"617\" cellspacing=\"0\" cellpadding=\"2\">\n<colgroup>\n<col width=\"88*\" \/>\n<col width=\"88*\" \/>\n<col width=\"80*\" \/> <\/colgroup>\n<tbody>\n<tr>\n<td style=\"text-align: center;\" colspan=\"3\" valign=\"TOP\" bgcolor=\"#f2f2f2\" width=\"100%\"><strong><span style=\"font-family: Helvetica;\"><span style=\"font-size: medium;\">Horarios<\/span><\/span><\/strong><\/td>\n<\/tr>\n<tr valign=\"TOP\">\n<td bgcolor=\"#f2f2f2\" width=\"34%\"><span style=\"font-family: Verdana;\"><span style=\"font-size: small;\">Ed. Infantil<\/span><\/span><\/td>\n<td bgcolor=\"#f2f2f2\" width=\"34%\"><span style=\"font-family: Verdana;\"><span style=\"font-size: small;\">de 9h a 12h<\/span><\/span><\/td>\n<td bgcolor=\"#f2f2f2\" width=\"31%\"><span style=\"font-family: Verdana;\"><span style=\"font-size: small;\">de 15h a 17h<\/span><\/span><\/td>\n<\/tr>\n<tr valign=\"TOP\">\n<td bgcolor=\"#cccccc\" width=\"34%\"><span style=\"font-family: Verdana;\"><span style=\"font-size: small;\">Ed. Primaria<\/span><\/span><\/td>\n<td bgcolor=\"#cccccc\" width=\"34%\"><span style=\"font-family: Verdana;\"><span style=\"font-size: small;\">de 9h a 12&#8217;30h<\/span><\/span><\/td>\n<td bgcolor=\"#cccccc\" width=\"31%\"><span style=\"font-family: Verdana;\"><span style=\"font-size: small;\">de 15h a 17h<\/span><\/span><\/td>\n<\/tr>\n<tr valign=\"TOP\">\n<td bgcolor=\"#f2f2f2\" width=\"34%\"><span style=\"font-family: Verdana;\"><span style=\"font-size: small;\">1\u00ba y 2\u00ba de ESO<\/span><\/span><\/td>\n<td bgcolor=\"#f2f2f2\" width=\"34%\"><span style=\"font-family: Verdana;\"><span style=\"font-size: small;\">de 8h a 14&#8217;15h<\/span><\/span><\/td>\n<td bgcolor=\"#f2f2f2\" width=\"31%\"><\/td>\n<\/tr>\n<tr valign=\"TOP\">\n<td bgcolor=\"#cccccc\" width=\"34%\"><span style=\"font-family: Verdana;\"><span style=\"font-size: small;\">3\u00ba y 4\u00ba de ESO<\/span><\/span><\/td>\n<td bgcolor=\"#cccccc\" width=\"34%\"><span style=\"font-family: Verdana;\"><span style=\"font-size: small;\">Lunes, mi\u00e9rcoles y viernes:<\/span><\/span><span style=\"font-family: Verdana;\"><span style=\"font-size: small;\">de 8h a 14&#8217;15h<\/span><\/span><\/td>\n<td bgcolor=\"#cccccc\" width=\"31%\"><span style=\"font-family: Verdana;\"><span style=\"font-size: small;\">Martes y jueves:<\/span><\/span><span style=\"font-family: Verdana;\"><span style=\"font-size: small;\">de 8h a 15&#8217;10h<\/span><\/span><\/td>\n<\/tr>\n<\/tbody>\n<\/table>\n<p><span style=\"color: #333333;\"><span style=\"font-family: Verdana;\"><span style=\"font-size: medium;\">Los alumnos de Secundaria disponen de un servicio de estudio de lunes a jueves de 15h a 17h voluntario.<\/span><\/span><\/span><\/p>\n<p>&nbsp;<\/p>\n<p>&nbsp;<\/p>\n<p>&nbsp;<\/p>\n","protected":false},"excerpt":{"rendered":"<p>El colegio Sant\u00edsimo Cristo de la Fe de Alc\u00e0sser, hoy colegio Diocesano, lleva m\u00e1s de 100 a\u00f1os de existencia al servicio del pueblo de Alc\u00e0sser, naci\u00f3 de la necesidad de escuelas en el pueblo y con el compromiso de la iglesia de dar educaci\u00f3n a sus feligreses. Durante largo tiempo fue dirigido por las Hermanas [&hellip;]<\/p>\n","protected":false},"author":6,"featured_media":0,"parent":0,"menu_order":0,"comment_status":"closed","ping_status":"closed","template":"","meta":{"footnotes":""},"class_list":["post-294","page","type-page","status-publish","hentry"],"_links":{"self":[{"href":"https:\/\/www.colegiosantisimo.es\/index.php?rest_route=\/wp\/v2\/pages\/294","targetHints":{"allow":["GET"]}}],"collection":[{"href":"https:\/\/www.colegiosantisimo.es\/index.php?rest_route=\/wp\/v2\/pages"}],"about":[{"href":"https:\/\/www.colegiosantisimo.es\/index.php?rest_route=\/wp\/v2\/types\/page"}],"author":[{"embeddable":true,"href":"https:\/\/www.colegiosantisimo.es\/index.php?rest_route=\/wp\/v2\/users\/6"}],"replies":[{"embeddable":true,"href":"https:\/\/www.colegiosantisimo.es\/index.php?rest_route=%2Fwp%2Fv2%2Fcomments&post=294"}],"version-history":[{"count":55,"href":"https:\/\/www.colegiosantisimo.es\/index.php?rest_route=\/wp\/v2\/pages\/294\/revisions"}],"predecessor-version":[{"id":4052,"href":"https:\/\/www.colegiosantisimo.es\/index.php?rest_route=\/wp\/v2\/pages\/294\/revisions\/4052"}],"wp:attachment":[{"href":"https:\/\/www.colegiosantisimo.es\/index.php?rest_route=%2Fwp%2Fv2%2Fmedia&parent=294"}],"curies":[{"name":"wp","href":"https:\/\/api.w.org\/{rel}","templated":true}]}}