{"id":319,"date":"2014-02-13T21:13:28","date_gmt":"2014-02-13T20:13:28","guid":{"rendered":"http:\/\/www.colegiosantisimo.es\/?page_id=319"},"modified":"2025-05-07T10:18:26","modified_gmt":"2025-05-07T08:18:26","slug":"apa","status":"publish","type":"page","link":"https:\/\/www.colegiosantisimo.es\/?page_id=319","title":{"rendered":"APA"},"content":{"rendered":"<h3><span style=\"color: #3366ff;\"><span class=\"Apple-style-span\" style=\"color: #135cae; font-family: Helvetica,Arial,sans-serif; font-size: 13px; font-weight: bold;\">HISTORIA Y PRESENTACI\u00d3N DEL APA<\/span><\/span><\/h3>\n<p>La asociaci\u00f3n de Padres de Alumnos se formaliza en gobierno Civil de Valencia el 20 de Diciembre de 1983.<\/p>\n<p>La Asamblea General es el \u00f3rgano supremo de la Asociaci\u00f3n y est\u00e1 formada por todos los afiliados. La junta Directiva es el \u00f3rgano ejecutivo de la Asociaci\u00f3n integrada por el Presidente, Vicepresidente, Secretario , Vicesecretario, Tesorero, Vicetesorero y seis vocales. La elecci\u00f3n de los miembros se hace por votaci\u00f3n secreta por el sistema de candidatura abierta.<\/p>\n<p><span class=\"Apple-style-span\" style=\"color: #135cae; font-family: Helvetica,Arial,sans-serif; font-size: 13px; font-weight: bold;\">ESTATUTOS<\/span><\/p>\n<p>La asociaci\u00f3n se constituye como asociaci\u00f3n Cat\u00f3lica y como tal asume la Doctrina de la Iglesia. Carece de \u00e1nimo de lucro. Promueve la formaci\u00f3n integral de los alumnos del centro en colaboraci\u00f3n con la Direcci\u00f3n del centro. Defiende los derechos de la familia y educadores.<\/p>\n<h3><span class=\"Apple-style-span\" style=\"color: #135cae; font-family: Helvetica,Arial,sans-serif; font-size: 13px; font-weight: bold;\">LOS SOCIOS<\/span><\/h3>\n<p>Podr\u00e1n inscribirse como socios numerarios los padres o tutores de los alumnos del Colegio.<\/p>\n<p>&nbsp;<\/p>\n<p><span class=\"Apple-style-span\" style=\"color: #135cae; font-family: Helvetica,Arial,sans-serif; font-size: 13px; font-weight: bold;\">Derechos:<\/span><\/p>\n<p>*\u00a0\u00a0\u00a0\u00a0\u00a0\u00a0\u00a0Participar y beneficiarse de las actividades y servicios de la Asociaci\u00f3n<\/p>\n<p>*\u00a0\u00a0\u00a0\u00a0\u00a0\u00a0\u00a0Ser informados de la evoluci\u00f3n de la Asociaci\u00f3n<\/p>\n<p>*\u00a0\u00a0\u00a0\u00a0\u00a0\u00a0\u00a0Acceder a la compra de libros con descuento<\/p>\n<p>*\u00a0\u00a0\u00a0\u00a0\u00a0\u00a0\u00a0Asistir con voz y voto a la Asamblea General<\/p>\n<p>*\u00a0\u00a0\u00a0\u00a0\u00a0\u00a0\u00a0Proponer a la Junta Directiva, ideas y proyectos<\/p>\n<p>*\u00a0\u00a0\u00a0\u00a0\u00a0\u00a0\u00a0Gozar de preferencia en el ingreso de nuevos hijos<\/p>\n<p>*\u00a0\u00a0\u00a0\u00a0\u00a0\u00a0\u00a0Poseer un ejemplar de los estatutos de la Asociaci\u00f3n<\/p>\n<p>*\u00a0\u00a0\u00a0\u00a0\u00a0\u00a0\u00a0Participar en la cena de fin de curso<\/p>\n<p>*\u00a0\u00a0\u00a0\u00a0\u00a0\u00a0\u00a0Organizar el curso escolar y semana de la salud<\/p>\n<p>*\u00a0\u00a0\u00a0\u00a0\u00a0\u00a0\u00a0Participar en las excursiones familiares<\/p>\n<p>*\u00a0\u00a0\u00a0\u00a0\u00a0\u00a0\u00a0Organizar merienda de graduaci\u00f3n<\/p>\n<p>*\u00a0\u00a0\u00a0\u00a0\u00a0\u00a0\u00a0Participar en la ayuda al viaje de fin de Estudios<\/p>\n<p>*\u00a0\u00a0\u00a0\u00a0\u00a0\u00a0\u00a0Asistir a las actividades extraescolares<\/p>\n<p>*\u00a0\u00a0\u00a0\u00a0\u00a0\u00a0\u00a0Compra de ropa escolar<\/p>\n<p>*\u00a0\u00a0\u00a0\u00a0\u00a0\u00a0\u00a0Participaci\u00f3n en el Consejo Escolar de Centro y Municipal<\/p>\n<p>&nbsp;<\/p>\n<h3><span class=\"Apple-style-span\" style=\"color: #135cae; font-family: Helvetica,Arial,sans-serif; font-size: 13px; font-weight: bold;\">Obligaciones:<\/span><\/h3>\n<p>*\u00a0\u00a0\u00a0\u00a0\u00a0\u00a0\u00a0Contribuir econ\u00f3micamente con las cuotas ordinarias y extraordinarias<\/p>\n<p>*\u00a0\u00a0\u00a0\u00a0\u00a0\u00a0\u00a0Cooperar con los fines de la Asociaci\u00f3n<\/p>\n<p>*\u00a0\u00a0\u00a0\u00a0\u00a0\u00a0\u00a0Cumplir los acuerdos de la Asociaci\u00f3n<\/p>\n<p>&nbsp;<\/p>\n<h3><span class=\"Apple-style-span\" style=\"color: #135cae; font-family: Helvetica,Arial,sans-serif; font-size: 13px; font-weight: bold;\">C\u00f3mo hacerse socio:<\/span><\/h3>\n<p>*\u00a0\u00a0\u00a0\u00a0\u00a0\u00a0\u00a0Cuando los hijos dejan el centro<\/p>\n<p>*\u00a0\u00a0\u00a0\u00a0\u00a0\u00a0\u00a0Por incumplimiento de las obligaciones<\/p>\n<p>*\u00a0\u00a0\u00a0\u00a0\u00a0\u00a0\u00a0A solicitud del interesado<\/p>\n<p>*\u00a0\u00a0\u00a0\u00a0\u00a0\u00a0\u00a0Como pena acordada en Asamblea General<\/p>\n<p>*\u00a0\u00a0\u00a0\u00a0\u00a0\u00a0\u00a0Por haber cometido alg\u00fan acto contra los fines de la Asociaci\u00f3n<\/p>\n<p>&nbsp;<\/p>\n<h3><span class=\"Apple-style-span\" style=\"color: #135cae; font-family: Helvetica,Arial,sans-serif; font-size: 13px; font-weight: bold;\">Reuniones:<\/span><\/h3>\n<p>Los d\u00edas de reuni\u00f3n de la junta son el pen\u00faltimo viernes de cada mes<\/p>\n<p>&nbsp;<\/p>\n<h3><span class=\"Apple-style-span\" style=\"color: #135cae; font-family: Helvetica,Arial,sans-serif; font-size: 13px; font-weight: bold;\">Lugar de contacto:<\/span><\/h3>\n<p>La Secretar\u00eda del Colegio<\/p>\n<p>&nbsp;<\/p>\n<p>Todos los que formamos la junta del APA os animamos a participar activamente en todas las actividades que se realizan en el colegio. Del mismo modo os recordamos que existe un buz\u00f3n en Secretar\u00eda donde pod\u00e9is comunicarnos vuestras sugerencias o inquietudes.<\/p>\n<p>Recordar que el APA somos TODOS y que trabajamos para conseguir un mismo objetivo, que nuestros hijos disfruten de su paso por el Colegio y se formen tanto humana como intelectualmente.<\/p>\n<p>&nbsp;<\/p>\n<p><span class=\"Apple-style-span\" style=\"line-height: normal; border-spacing: 2px; font-size: medium;\"><span style=\"font-size: small;\"><span class=\"Apple-style-span\" style=\"font-size: 12px; line-height: 15px; border-spacing: 0px;\">Un saludo.<\/span><\/span><\/span><\/p>\n<address><span class=\"Apple-style-span\" style=\"font-style: normal;\"><span class=\"Apple-style-span\" style=\"font-style: normal;\"><br \/>\n<\/span><\/span><\/p>\n<table class=\"MsoNormalTable\" style=\"width: 654px; height: 518px;\" border=\"1\" width=\"75%\" cellpadding=\"0\">\n<tbody>\n<tr>\n<td style=\"width: 99.08%; padding: 0.75pt;\" colspan=\"2\" width=\"99%\">\n<h1 style=\"text-align: center;\">A.P.A. Colegio Stmo Cristo de la Fe<\/h1>\n<\/td>\n<\/tr>\n<tr>\n<td style=\"width: 46.36%; padding: 0.75pt;\" width=\"46%\">\n<address><span class=\"apple-style-span\"><span style=\"font-family: Tahoma,Helvetica,Arial,sans-serif; font-size: small;\"><span class=\"Apple-style-span\" style=\"font-size: 12px; line-height: 15px; border-spacing: 0px;\">Presidente<\/span><\/span><\/span><\/address>\n<\/td>\n<td style=\"width: 52.26%; padding: 0.75pt;\" width=\"52%\">\n<address><span style=\"font-family: Tahoma,Helvetica,Arial,sans-serif; font-size: small;\"><span class=\"Apple-style-span\" style=\"font-size: 12px; line-height: 15px; border-spacing: 0px;\">Don Miguel A. Geric\u00f3<br \/>\n<\/span><\/span><\/address>\n<\/td>\n<\/tr>\n<tr>\n<td style=\"width: 46.36%; padding: 0.75pt;\" width=\"46%\">\n<address><span style=\"font-family: Tahoma, Helvetica, Arial, sans-serif; font-size: 12px;\">Tesorera<\/span><\/address>\n<\/td>\n<td style=\"width: 52.26%; padding: 0.75pt;\" width=\"52%\">\n<address><span style=\"font-family: Tahoma,Helvetica,Arial,sans-serif; font-size: small;\"><span class=\"Apple-style-span\" style=\"font-size: 12px; line-height: 15px; border-spacing: 0px;\"><span style=\"font-family: Tahoma,Helvetica,Arial,sans-serif; font-size: small;\"><span class=\"Apple-style-span\" style=\"font-size: 12px; line-height: 15px; border-spacing: 0px;\">Do\u00f1a\u00a0<\/span><\/span>Esther Sanch\u00eds<\/span><\/span><\/address>\n<\/td>\n<\/tr>\n<tr>\n<td style=\"width: 46.36%; padding: 0.75pt;\" width=\"46%\">\n<address>\n<address><span style=\"font-family: Tahoma,Helvetica,Arial,sans-serif; font-size: small;\"><span class=\"Apple-style-span\" style=\"font-size: 12px; line-height: 15px; border-spacing: 0px;\">Vocal<\/span><\/span><\/address>\n<\/address>\n<\/td>\n<td style=\"width: 52.26%; padding: 0.75pt;\" width=\"52%\">\n<address><span style=\"font-family: Tahoma,Helvetica,Arial,sans-serif; font-size: small;\"><span class=\"Apple-style-span\" style=\"font-size: 12px; line-height: 15px; border-spacing: 0px;\">Do\u00f1a\u00a0Gema Ram\u00edrez<\/span><\/span><\/address>\n<\/td>\n<\/tr>\n<tr>\n<td style=\"width: 46.36%; padding: 0.75pt;\" width=\"46%\"><span style=\"font-family: Tahoma, Helvetica, Arial, sans-serif; font-size: 12px;\">Vocal<\/span><\/td>\n<td style=\"width: 52.26%; padding: 0.75pt;\" width=\"52%\"><span style=\"font-family: Tahoma, Helvetica, Arial, sans-serif; font-size: 12px;\">Do\u00f1a Desire\u00e9 Navarro<\/span><\/td>\n<\/tr>\n<tr>\n<td style=\"width: 46.36%; padding: 0.75pt;\" width=\"46%\"><span style=\"font-family: Tahoma, Helvetica, Arial, sans-serif; font-size: 12px;\">Vocal<\/span><\/td>\n<td style=\"width: 52.26%; padding: 0.75pt;\" width=\"52%\">\n<address><span style=\"font-family: Tahoma,Helvetica,Arial,sans-serif; font-size: small;\"><span class=\"Apple-style-span\" style=\"font-size: 12px; line-height: 15px; border-spacing: 0px;\">Do\u00f1a Mariola Tarazona<\/span><\/span><\/address>\n<\/td>\n<\/tr>\n<tr>\n<td style=\"width: 46.36%; padding: 0.75pt;\" width=\"46%\"><span style=\"font-family: Tahoma, Helvetica, Arial, sans-serif; font-size: 12px;\">Vocal<\/span><\/td>\n<td style=\"width: 52.26%; padding: 0.75pt;\" width=\"52%\"><span style=\"font-family: Tahoma, Helvetica, Arial, sans-serif; font-size: 12px;\">Do\u00f1a Marta Alabau<\/span><\/td>\n<\/tr>\n<tr>\n<td style=\"width: 46.36%; padding: 0.75pt;\" width=\"46%\"><span style=\"font-family: Tahoma, Helvetica, Arial, sans-serif; font-size: 12px;\">Vocal<\/span><\/td>\n<td style=\"width: 52.26%; padding: 0.75pt;\" width=\"52%\"><span style=\"font-family: Tahoma,Helvetica,Arial,sans-serif; font-size: small;\"><span class=\"Apple-style-span\" style=\"font-size: 12px; line-height: 15px; border-spacing: 0px;\">Do\u00f1a\u00a0<\/span><\/span><span style=\"font-family: Tahoma, Helvetica, Arial, sans-serif; font-size: 12px;\">Juan Bautista Navarro<\/span><\/td>\n<\/tr>\n<tr>\n<td style=\"width: 46.36%; padding: 0.75pt;\" width=\"46%\">\n<address><span style=\"font-family: Tahoma, Helvetica, Arial, sans-serif; font-size: 12px;\">Vocal<\/span><\/address>\n<\/td>\n<td style=\"width: 52.26%; padding: 0.75pt;\" width=\"52%\"><span style=\"font-family: Tahoma, Helvetica, Arial, sans-serif;\"><span style=\"font-size: 12px;\">Do\u00f1a Paz Recuero<\/span><\/span><\/td>\n<\/tr>\n<tr>\n<td style=\"width: 46.36%; padding: 0.75pt;\" width=\"46%\"><\/td>\n<td style=\"width: 52.26%; padding: 0.75pt;\" width=\"52%\"><\/td>\n<\/tr>\n<tr>\n<td style=\"width: 46.36%; padding: 0.75pt;\" width=\"46%\"><\/td>\n<td style=\"width: 52.26%; padding: 0.75pt;\" width=\"52%\"><\/td>\n<\/tr>\n<tr>\n<td style=\"width: 46.36%; padding: 0.75pt;\" width=\"46%\"><\/td>\n<td style=\"width: 52.26%; padding: 0.75pt;\" width=\"52%\"><\/td>\n<\/tr>\n<tr>\n<td style=\"width: 46.36%; padding: 0.75pt;\" width=\"46%\"><\/td>\n<td style=\"width: 52.26%; padding: 0.75pt;\" width=\"52%\">\n<address>\u00a0<\/address>\n<\/td>\n<\/tr>\n<\/tbody>\n<\/table>\n<\/address>\n<address>\u00a0<\/address>\n<address>Para cualquier duda tenemos a vuestra disposici\u00f3n nuestro correo electr\u00f3nico: apa.scfe@gmail.com<\/address>\n<address>\u00a0<\/address>\n<address>\u00a0<\/address>\n","protected":false},"excerpt":{"rendered":"<p>HISTORIA Y PRESENTACI\u00d3N DEL APA La asociaci\u00f3n de Padres de Alumnos se formaliza en gobierno Civil de Valencia el 20 de Diciembre de 1983. La Asamblea General es el \u00f3rgano supremo de la Asociaci\u00f3n y est\u00e1 formada por todos los afiliados. La junta Directiva es el \u00f3rgano ejecutivo de la Asociaci\u00f3n integrada por el Presidente, [&hellip;]<\/p>\n","protected":false},"author":6,"featured_media":0,"parent":0,"menu_order":0,"comment_status":"closed","ping_status":"closed","template":"","meta":{"footnotes":""},"class_list":["post-319","page","type-page","status-publish","hentry"],"_links":{"self":[{"href":"https:\/\/www.colegiosantisimo.es\/index.php?rest_route=\/wp\/v2\/pages\/319","targetHints":{"allow":["GET"]}}],"collection":[{"href":"https:\/\/www.colegiosantisimo.es\/index.php?rest_route=\/wp\/v2\/pages"}],"about":[{"href":"https:\/\/www.colegiosantisimo.es\/index.php?rest_route=\/wp\/v2\/types\/page"}],"author":[{"embeddable":true,"href":"https:\/\/www.colegiosantisimo.es\/index.php?rest_route=\/wp\/v2\/users\/6"}],"replies":[{"embeddable":true,"href":"https:\/\/www.colegiosantisimo.es\/index.php?rest_route=%2Fwp%2Fv2%2Fcomments&post=319"}],"version-history":[{"count":12,"href":"https:\/\/www.colegiosantisimo.es\/index.php?rest_route=\/wp\/v2\/pages\/319\/revisions"}],"predecessor-version":[{"id":4024,"href":"https:\/\/www.colegiosantisimo.es\/index.php?rest_route=\/wp\/v2\/pages\/319\/revisions\/4024"}],"wp:attachment":[{"href":"https:\/\/www.colegiosantisimo.es\/index.php?rest_route=%2Fwp%2Fv2%2Fmedia&parent=319"}],"curies":[{"name":"wp","href":"https:\/\/api.w.org\/{rel}","templated":true}]}}