{"id":324,"date":"2014-02-13T21:17:16","date_gmt":"2014-02-13T20:17:16","guid":{"rendered":"http:\/\/www.colegiosantisimo.es\/?page_id=324"},"modified":"2023-04-03T08:33:26","modified_gmt":"2023-04-03T06:33:26","slug":"instalaciones","status":"publish","type":"page","link":"https:\/\/www.colegiosantisimo.es\/?page_id=324","title":{"rendered":"Instalaciones"},"content":{"rendered":"<h1 class=\"system-pagebreak\" style=\"text-align: center;\">INSTALACIONES<\/h1>\n<p>&nbsp;<\/p>\n<div style=\"text-align: center;\"><img fetchpriority=\"high\" decoding=\"async\" class=\" size-full wp-image-17\" src=\"http:\/\/www.colegiosantisimo.es\/wp-content\/uploads\/2010\/03\/fachada01.jpg\" alt=\"\" width=\"637\" height=\"510\" border=\"0\" srcset=\"https:\/\/www.colegiosantisimo.es\/wp-content\/uploads\/2010\/03\/fachada01.jpg 637w, https:\/\/www.colegiosantisimo.es\/wp-content\/uploads\/2010\/03\/fachada01-300x240.jpg 300w, https:\/\/www.colegiosantisimo.es\/wp-content\/uploads\/2010\/03\/fachada01-624x499.jpg 624w\" sizes=\"(max-width: 637px) 100vw, 637px\" \/><\/div>\n<p>&nbsp;<\/p>\n<p>&nbsp;<\/p>\n<h1 style=\"text-align: center;\"><span class=\"Apple-style-span\" style=\"color: #333333; font-family: Tahoma,Helvetica,Arial,sans-serif; font-weight: normal; font-size: 12px;\"><strong><span class=\"Apple-style-span\" style=\"color: #666666; font-family: Helvetica,Arial,sans-serif; font-size: large;\"><span class=\"Apple-style-span\" style=\"font-size: 16px;\">COMEDOR<\/span><\/span> <\/strong><\/span><\/h1>\n<p style=\"text-align: center;\">Servicio de restauraci\u00f3n <a href=\"https:\/\/www.serunion.es\/es\">SERUNION<\/a>:<\/p>\n<div align=\"center\"><a href=\"https:\/\/www.colegiosantisimo.es\/wp-content\/uploads\/2023\/04\/2023-Comedor-2.jpg\"><img decoding=\"async\" class=\"alignnone size-large wp-image-3740\" src=\"https:\/\/www.colegiosantisimo.es\/wp-content\/uploads\/2023\/04\/2023-Comedor-2-1024x518.jpg\" alt=\"\" width=\"640\" height=\"324\" srcset=\"https:\/\/www.colegiosantisimo.es\/wp-content\/uploads\/2023\/04\/2023-Comedor-2-1024x518.jpg 1024w, https:\/\/www.colegiosantisimo.es\/wp-content\/uploads\/2023\/04\/2023-Comedor-2-300x152.jpg 300w, https:\/\/www.colegiosantisimo.es\/wp-content\/uploads\/2023\/04\/2023-Comedor-2-768x389.jpg 768w, https:\/\/www.colegiosantisimo.es\/wp-content\/uploads\/2023\/04\/2023-Comedor-2-1536x778.jpg 1536w, https:\/\/www.colegiosantisimo.es\/wp-content\/uploads\/2023\/04\/2023-Comedor-2.jpg 1999w\" sizes=\"(max-width: 640px) 100vw, 640px\" \/><\/a><\/div>\n<div align=\"center\"><\/div>\n<div align=\"center\"><a href=\"https:\/\/www.colegiosantisimo.es\/wp-content\/uploads\/2023\/04\/2023-Comedor-1.jpg\"><img decoding=\"async\" class=\"alignnone size-large wp-image-3741\" src=\"https:\/\/www.colegiosantisimo.es\/wp-content\/uploads\/2023\/04\/2023-Comedor-1-1024x590.jpg\" alt=\"\" width=\"640\" height=\"369\" srcset=\"https:\/\/www.colegiosantisimo.es\/wp-content\/uploads\/2023\/04\/2023-Comedor-1-1024x590.jpg 1024w, https:\/\/www.colegiosantisimo.es\/wp-content\/uploads\/2023\/04\/2023-Comedor-1-300x173.jpg 300w, https:\/\/www.colegiosantisimo.es\/wp-content\/uploads\/2023\/04\/2023-Comedor-1-768x442.jpg 768w, https:\/\/www.colegiosantisimo.es\/wp-content\/uploads\/2023\/04\/2023-Comedor-1-1536x885.jpg 1536w, https:\/\/www.colegiosantisimo.es\/wp-content\/uploads\/2023\/04\/2023-Comedor-1.jpg 1722w\" sizes=\"(max-width: 640px) 100vw, 640px\" \/><\/a><\/div>\n<div align=\"center\"><\/div>\n<div align=\"center\"><a href=\"https:\/\/www.colegiosantisimo.es\/wp-content\/uploads\/2023\/04\/2023-Comedor-3.jpg\"><img loading=\"lazy\" decoding=\"async\" class=\"alignnone size-large wp-image-3742\" src=\"https:\/\/www.colegiosantisimo.es\/wp-content\/uploads\/2023\/04\/2023-Comedor-3-1024x528.jpg\" alt=\"\" width=\"640\" height=\"330\" srcset=\"https:\/\/www.colegiosantisimo.es\/wp-content\/uploads\/2023\/04\/2023-Comedor-3-1024x528.jpg 1024w, https:\/\/www.colegiosantisimo.es\/wp-content\/uploads\/2023\/04\/2023-Comedor-3-300x155.jpg 300w, https:\/\/www.colegiosantisimo.es\/wp-content\/uploads\/2023\/04\/2023-Comedor-3-768x396.jpg 768w, https:\/\/www.colegiosantisimo.es\/wp-content\/uploads\/2023\/04\/2023-Comedor-3-1536x791.jpg 1536w, https:\/\/www.colegiosantisimo.es\/wp-content\/uploads\/2023\/04\/2023-Comedor-3.jpg 1997w\" sizes=\"(max-width: 640px) 100vw, 640px\" \/><\/a><\/div>\n<p align=\"center\">\n<p align=\"center\">\n<div align=\"center\"><\/div>\n<h1 style=\"text-align: center;\">PSIC\u00d3LOGO<\/h1>\n<p style=\"text-align: center;\"><span class=\"Apple-style-span\" style=\"color: #333333; font-family: Tahoma,Helvetica,Arial,sans-serif; font-weight: normal; font-size: 12px;\">Servicio Psicopedag\u00f3gico ofrecido por el colegio a trav\u00e9s del Ayuntamiento.<\/span><\/p>\n<div align=\"center\"><\/div>\n<h1 style=\"text-align: center;\">BIBLIOTECA<\/h1>\n<div align=\"center\"><\/div>\n<p class=\"system-pagebreak\" style=\"text-align: center;\" align=\"center\">Biblioteca equipada con ordenadores personales con acceso a Internet<\/p>\n<div align=\"center\"><a href=\"http:\/\/www.colegiosantisimo.es\/wp-content\/uploads\/2019\/05\/2019-biblioteca.jpg\"><img loading=\"lazy\" decoding=\"async\" class=\"alignnone wp-image-2526\" src=\"http:\/\/www.colegiosantisimo.es\/wp-content\/uploads\/2019\/05\/2019-biblioteca.jpg\" alt=\"\" width=\"639\" height=\"325\" srcset=\"https:\/\/www.colegiosantisimo.es\/wp-content\/uploads\/2019\/05\/2019-biblioteca.jpg 2671w, https:\/\/www.colegiosantisimo.es\/wp-content\/uploads\/2019\/05\/2019-biblioteca-300x153.jpg 300w, https:\/\/www.colegiosantisimo.es\/wp-content\/uploads\/2019\/05\/2019-biblioteca-768x390.jpg 768w, https:\/\/www.colegiosantisimo.es\/wp-content\/uploads\/2019\/05\/2019-biblioteca-1024x521.jpg 1024w\" sizes=\"(max-width: 639px) 100vw, 639px\" \/><\/a><\/div>\n<div align=\"center\"><\/div>\n<h1 style=\"width: 592px; text-align: center;\">LABORATORIO<\/h1>\n<div style=\"text-align: right;\" align=\"center\"><img loading=\"lazy\" decoding=\"async\" class=\"size-full wp-image-20 aligncenter\" src=\"http:\/\/www.colegiosantisimo.es\/wp-content\/uploads\/2010\/03\/lab2.jpg\" alt=\"\" width=\"640\" height=\"184\" srcset=\"https:\/\/www.colegiosantisimo.es\/wp-content\/uploads\/2010\/03\/lab2.jpg 640w, https:\/\/www.colegiosantisimo.es\/wp-content\/uploads\/2010\/03\/lab2-300x86.jpg 300w, https:\/\/www.colegiosantisimo.es\/wp-content\/uploads\/2010\/03\/lab2-624x179.jpg 624w\" sizes=\"(max-width: 640px) 100vw, 640px\" \/><\/div>\n<h1 align=\"center\"><\/h1>\n<h1 style=\"text-align: center;\">\u00a02 AULAS DE INFORM\u00c1TICA<\/h1>\n<div align=\"center\"><\/div>\n<p class=\"caption\" align=\"center\">2 Aulas de inform\u00e1tica equipadas con proyector y 47 ordenadores en total con acceso a Internet.<\/p>\n<div align=\"center\"><\/div>\n<div align=\"center\"><img loading=\"lazy\" decoding=\"async\" class=\" wp-image-21 aligncenter\" src=\"http:\/\/www.colegiosantisimo.es\/wp-content\/uploads\/2010\/03\/aula inf.jpg\" alt=\"\" width=\"640\" height=\"308\" srcset=\"https:\/\/www.colegiosantisimo.es\/wp-content\/uploads\/2010\/03\/aula%20inf.jpg 2256w, https:\/\/www.colegiosantisimo.es\/wp-content\/uploads\/2010\/03\/aula%20inf-300x144.jpg 300w, https:\/\/www.colegiosantisimo.es\/wp-content\/uploads\/2010\/03\/aula%20inf-1024x493.jpg 1024w, https:\/\/www.colegiosantisimo.es\/wp-content\/uploads\/2010\/03\/aula%20inf-624x300.jpg 624w\" sizes=\"(max-width: 640px) 100vw, 640px\" \/><\/div>\n<div align=\"center\"><\/div>\n<div align=\"center\"><\/div>\n<h1 style=\"text-align: center;\"><a href=\"http:\/\/www.colegiosantisimo.es\/wp-content\/uploads\/2014\/02\/Aula-Informatica-2.jpg\"><img loading=\"lazy\" decoding=\"async\" class=\"aligncenter wp-image-879\" src=\"http:\/\/www.colegiosantisimo.es\/wp-content\/uploads\/2014\/02\/Aula-Informatica-2.jpg\" alt=\"Aula Informatica 2\" width=\"640\" height=\"354\" srcset=\"https:\/\/www.colegiosantisimo.es\/wp-content\/uploads\/2014\/02\/Aula-Informatica-2.jpg 774w, https:\/\/www.colegiosantisimo.es\/wp-content\/uploads\/2014\/02\/Aula-Informatica-2-300x166.jpg 300w\" sizes=\"(max-width: 640px) 100vw, 640px\" \/><\/a><\/h1>\n<h1><\/h1>\n<h1 style=\"text-align: center;\">TALLER<\/h1>\n<p class=\"caption\" align=\"center\">Taller de tecnolog\u00eda y pl\u00e1stica<\/p>\n<div align=\"center\"><a href=\"http:\/\/www.colegiosantisimo.es\/wp-content\/uploads\/2019\/05\/2019-taller.jpg\"><img loading=\"lazy\" decoding=\"async\" class=\"alignnone wp-image-2527\" src=\"http:\/\/www.colegiosantisimo.es\/wp-content\/uploads\/2019\/05\/2019-taller.jpg\" alt=\"\" width=\"639\" height=\"257\" srcset=\"https:\/\/www.colegiosantisimo.es\/wp-content\/uploads\/2019\/05\/2019-taller.jpg 1199w, https:\/\/www.colegiosantisimo.es\/wp-content\/uploads\/2019\/05\/2019-taller-300x121.jpg 300w, https:\/\/www.colegiosantisimo.es\/wp-content\/uploads\/2019\/05\/2019-taller-768x309.jpg 768w, https:\/\/www.colegiosantisimo.es\/wp-content\/uploads\/2019\/05\/2019-taller-1024x412.jpg 1024w\" sizes=\"(max-width: 639px) 100vw, 639px\" \/><\/a><\/div>\n<div align=\"center\"><\/div>\n<p align=\"center\"><img loading=\"lazy\" decoding=\"async\" class=\" wp-image-22\" src=\"http:\/\/www.colegiosantisimo.es\/wp-content\/uploads\/2010\/03\/taller1.jpg\" alt=\"\" width=\"356\" height=\"256\" border=\"0\" srcset=\"https:\/\/www.colegiosantisimo.es\/wp-content\/uploads\/2010\/03\/taller1.jpg 490w, https:\/\/www.colegiosantisimo.es\/wp-content\/uploads\/2010\/03\/taller1-300x215.jpg 300w\" sizes=\"(max-width: 356px) 100vw, 356px\" \/><\/p>\n<div align=\"center\"><\/div>\n<h1 style=\"text-align: center;\">CAPILLA<\/h1>\n<p align=\"center\">Preciosa capilla reci\u00e9n restaurada<\/p>\n<p align=\"center\"><img loading=\"lazy\" decoding=\"async\" class=\"alignnone wp-image-2439\" src=\"http:\/\/www.colegiosantisimo.es\/wp-content\/uploads\/2019\/03\/2019-capilla.jpg\" alt=\"\" width=\"466\" height=\"550\" srcset=\"https:\/\/www.colegiosantisimo.es\/wp-content\/uploads\/2019\/03\/2019-capilla.jpg 1500w, https:\/\/www.colegiosantisimo.es\/wp-content\/uploads\/2019\/03\/2019-capilla-254x300.jpg 254w, https:\/\/www.colegiosantisimo.es\/wp-content\/uploads\/2019\/03\/2019-capilla-768x906.jpg 768w, https:\/\/www.colegiosantisimo.es\/wp-content\/uploads\/2019\/03\/2019-capilla-868x1024.jpg 868w\" sizes=\"(max-width: 466px) 100vw, 466px\" \/><\/p>\n<h1 style=\"text-align: center;\">PATIO Y TERRAZA<\/h1>\n<p style=\"text-align: center;\">Patio exterior y patio cubierto<\/p>\n<p style=\"text-align: center;\"><img loading=\"lazy\" decoding=\"async\" class=\"alignnone wp-image-2416\" src=\"http:\/\/www.colegiosantisimo.es\/wp-content\/uploads\/2019\/02\/2019-Red-proteccion-e1551180870664.jpg\" alt=\"\" width=\"633\" height=\"308\" srcset=\"https:\/\/www.colegiosantisimo.es\/wp-content\/uploads\/2019\/02\/2019-Red-proteccion-e1551180870664.jpg 4864w, https:\/\/www.colegiosantisimo.es\/wp-content\/uploads\/2019\/02\/2019-Red-proteccion-e1551180870664-300x146.jpg 300w, https:\/\/www.colegiosantisimo.es\/wp-content\/uploads\/2019\/02\/2019-Red-proteccion-e1551180870664-768x374.jpg 768w, https:\/\/www.colegiosantisimo.es\/wp-content\/uploads\/2019\/02\/2019-Red-proteccion-e1551180870664-1024x499.jpg 1024w\" sizes=\"(max-width: 633px) 100vw, 633px\" \/><\/p>\n<div style=\"text-align: center;\">\n<p><img loading=\"lazy\" decoding=\"async\" class=\" wp-image-2441\" src=\"http:\/\/www.colegiosantisimo.es\/wp-content\/uploads\/2019\/03\/2019-ESO.jpg\" alt=\"\" width=\"639\" height=\"354\" srcset=\"https:\/\/www.colegiosantisimo.es\/wp-content\/uploads\/2019\/03\/2019-ESO.jpg 2000w, https:\/\/www.colegiosantisimo.es\/wp-content\/uploads\/2019\/03\/2019-ESO-300x166.jpg 300w, https:\/\/www.colegiosantisimo.es\/wp-content\/uploads\/2019\/03\/2019-ESO-768x425.jpg 768w, https:\/\/www.colegiosantisimo.es\/wp-content\/uploads\/2019\/03\/2019-ESO-1024x567.jpg 1024w\" sizes=\"(max-width: 639px) 100vw, 639px\" \/><\/p>\n<\/div>\n<div style=\"text-align: center;\"><\/div>\n<div><\/div>\n<div style=\"text-align: center;\"><img loading=\"lazy\" decoding=\"async\" class=\" size-full wp-image-28\" src=\"http:\/\/www.colegiosantisimo.es\/wp-content\/uploads\/2010\/03\/07patio.jpg\" alt=\"\" width=\"410\" height=\"307\" border=\"0\" srcset=\"https:\/\/www.colegiosantisimo.es\/wp-content\/uploads\/2010\/03\/07patio.jpg 410w, https:\/\/www.colegiosantisimo.es\/wp-content\/uploads\/2010\/03\/07patio-300x224.jpg 300w\" sizes=\"(max-width: 410px) 100vw, 410px\" \/><\/div>\n<div><\/div>\n<div><\/div>\n<div style=\"text-align: center;\"><img loading=\"lazy\" decoding=\"async\" class=\"size-full wp-image-30 aligncenter\" src=\"http:\/\/www.colegiosantisimo.es\/wp-content\/uploads\/2010\/03\/pozo.jpg\" alt=\"\" width=\"303\" height=\"410\" border=\"0\" srcset=\"https:\/\/www.colegiosantisimo.es\/wp-content\/uploads\/2010\/03\/pozo.jpg 303w, https:\/\/www.colegiosantisimo.es\/wp-content\/uploads\/2010\/03\/pozo-221x300.jpg 221w\" sizes=\"(max-width: 303px) 100vw, 303px\" \/><\/div>\n<div style=\"text-align: center;\"><\/div>\n<div><\/div>\n<div style=\"text-align: center;\">Nueva terraza inaugurada en 2019<\/div>\n<div style=\"text-align: center;\">\n<p><a href=\"https:\/\/www.colegiosantisimo.es\/wp-content\/uploads\/2020\/02\/2019-terraza.jpg\"><img loading=\"lazy\" decoding=\"async\" class=\" wp-image-2812\" src=\"https:\/\/www.colegiosantisimo.es\/wp-content\/uploads\/2020\/02\/2019-terraza.jpg\" alt=\"\" width=\"628\" height=\"304\" srcset=\"https:\/\/www.colegiosantisimo.es\/wp-content\/uploads\/2020\/02\/2019-terraza.jpg 3682w, https:\/\/www.colegiosantisimo.es\/wp-content\/uploads\/2020\/02\/2019-terraza-300x145.jpg 300w, https:\/\/www.colegiosantisimo.es\/wp-content\/uploads\/2020\/02\/2019-terraza-768x372.jpg 768w, https:\/\/www.colegiosantisimo.es\/wp-content\/uploads\/2020\/02\/2019-terraza-1024x496.jpg 1024w\" sizes=\"(max-width: 628px) 100vw, 628px\" \/><\/a><\/p>\n<\/div>\n<h1 style=\"text-align: center;\"><span style=\"font-size: medium;\">GIMNASIO<\/span><\/h1>\n<div style=\"text-align: center;\">Inaugurado en 2012<\/div>\n<div style=\"text-align: center;\"><\/div>\n<p><img loading=\"lazy\" decoding=\"async\" class=\"size-full wp-image-31 aligncenter\" src=\"http:\/\/www.colegiosantisimo.es\/wp-content\/uploads\/2010\/03\/gimnasio03.jpg\" alt=\"\" width=\"640\" height=\"421\" srcset=\"https:\/\/www.colegiosantisimo.es\/wp-content\/uploads\/2010\/03\/gimnasio03.jpg 640w, https:\/\/www.colegiosantisimo.es\/wp-content\/uploads\/2010\/03\/gimnasio03-300x197.jpg 300w, https:\/\/www.colegiosantisimo.es\/wp-content\/uploads\/2010\/03\/gimnasio03-624x410.jpg 624w\" sizes=\"(max-width: 640px) 100vw, 640px\" \/><\/p>\n<p><img loading=\"lazy\" decoding=\"async\" class=\"size-full wp-image-32 aligncenter\" src=\"http:\/\/www.colegiosantisimo.es\/wp-content\/uploads\/2010\/03\/gimnasio02.jpg\" alt=\"\" width=\"640\" height=\"368\" srcset=\"https:\/\/www.colegiosantisimo.es\/wp-content\/uploads\/2010\/03\/gimnasio02.jpg 640w, https:\/\/www.colegiosantisimo.es\/wp-content\/uploads\/2010\/03\/gimnasio02-300x172.jpg 300w, https:\/\/www.colegiosantisimo.es\/wp-content\/uploads\/2010\/03\/gimnasio02-624x358.jpg 624w\" sizes=\"(max-width: 640px) 100vw, 640px\" \/><\/p>\n<p><img loading=\"lazy\" decoding=\"async\" class=\"size-full wp-image-33 aligncenter\" src=\"http:\/\/www.colegiosantisimo.es\/wp-content\/uploads\/2010\/03\/gimnasio01.jpg\" alt=\"\" width=\"640\" height=\"355\" srcset=\"https:\/\/www.colegiosantisimo.es\/wp-content\/uploads\/2010\/03\/gimnasio01.jpg 640w, https:\/\/www.colegiosantisimo.es\/wp-content\/uploads\/2010\/03\/gimnasio01-300x166.jpg 300w, https:\/\/www.colegiosantisimo.es\/wp-content\/uploads\/2010\/03\/gimnasio01-624x346.jpg 624w\" sizes=\"(max-width: 640px) 100vw, 640px\" \/><\/p>\n","protected":false},"excerpt":{"rendered":"<p>INSTALACIONES &nbsp; &nbsp; &nbsp; COMEDOR Servicio de restauraci\u00f3n SERUNION: PSIC\u00d3LOGO Servicio Psicopedag\u00f3gico ofrecido por el colegio a trav\u00e9s del Ayuntamiento. BIBLIOTECA Biblioteca equipada con ordenadores personales con acceso a Internet LABORATORIO \u00a02 AULAS DE INFORM\u00c1TICA 2 Aulas de inform\u00e1tica equipadas con proyector y 47 ordenadores en total con acceso a Internet. TALLER Taller de tecnolog\u00eda [&hellip;]<\/p>\n","protected":false},"author":6,"featured_media":0,"parent":0,"menu_order":0,"comment_status":"closed","ping_status":"closed","template":"","meta":{"footnotes":""},"class_list":["post-324","page","type-page","status-publish","hentry"],"_links":{"self":[{"href":"https:\/\/www.colegiosantisimo.es\/index.php?rest_route=\/wp\/v2\/pages\/324","targetHints":{"allow":["GET"]}}],"collection":[{"href":"https:\/\/www.colegiosantisimo.es\/index.php?rest_route=\/wp\/v2\/pages"}],"about":[{"href":"https:\/\/www.colegiosantisimo.es\/index.php?rest_route=\/wp\/v2\/types\/page"}],"author":[{"embeddable":true,"href":"https:\/\/www.colegiosantisimo.es\/index.php?rest_route=\/wp\/v2\/users\/6"}],"replies":[{"embeddable":true,"href":"https:\/\/www.colegiosantisimo.es\/index.php?rest_route=%2Fwp%2Fv2%2Fcomments&post=324"}],"version-history":[{"count":18,"href":"https:\/\/www.colegiosantisimo.es\/index.php?rest_route=\/wp\/v2\/pages\/324\/revisions"}],"predecessor-version":[{"id":3743,"href":"https:\/\/www.colegiosantisimo.es\/index.php?rest_route=\/wp\/v2\/pages\/324\/revisions\/3743"}],"wp:attachment":[{"href":"https:\/\/www.colegiosantisimo.es\/index.php?rest_route=%2Fwp%2Fv2%2Fmedia&parent=324"}],"curies":[{"name":"wp","href":"https:\/\/api.w.org\/{rel}","templated":true}]}}